{"id":3387,"date":"2024-07-26T08:43:21","date_gmt":"2024-07-26T08:43:21","guid":{"rendered":"https:\/\/www.orangecosta.com\/blog\/?post_type=tribe_events&#038;p=3387"},"modified":"2024-07-26T08:43:21","modified_gmt":"2024-07-26T08:43:21","slug":"xvi-festival-lirico-opera-benicassim","status":"publish","type":"tribe_events","link":"https:\/\/www.orangecosta.com\/blog\/evento\/xvi-festival-lirico-opera-benicassim\/","title":{"rendered":"XVI Festival Lirico \u00f3pera Benicassim"},"content":{"rendered":"<h4 class=\"fusion-responsive-typography-calculated\" data-fontsize=\"16\" data-lineheight=\"20.8px\">La ciudad castellonense de Benic\u00e0ssim \u00a0vuelve a abrirse a la l\u00edrica en el Teatre Municipal Franscesc T\u00e0rrega con el XVI Festival L\u00edrico \u00d2pera Benic\u00e0ssim, organizado por el ayuntamiento del municipio. Un a\u00f1o m\u00e1s, la cita sigue apostando por la variedad en sus programas y por grandes int\u00e9rpretes nacionales e internacionales<\/h4>\n<h4 data-fontsize=\"16\" data-lineheight=\"20.8px\"><\/h4>\n<h4 class=\"fusion-responsive-typography-calculated\" data-fontsize=\"16\" data-lineheight=\"20.8px\">d<img fetchpriority=\"high\" decoding=\"async\" class=\"alignnone size-medium wp-image-3388\" src=\"https:\/\/www.orangecosta.com\/blog\/wp-content\/uploads\/2024\/07\/WhatsApp-Image-2024-06-04-at-12.31.21-380x350.jpeg\" alt=\"\" width=\"300\" height=\"276\" \/>,<\/h4>\n","protected":false},"excerpt":{"rendered":"<p>La ciudad castellonense de Benic\u00e0ssim \u00a0vuelve a abrirse a la l\u00edrica en el Teatre Municipal Franscesc T\u00e0rrega con el XVI&#8230;<\/p>\n","protected":false},"author":7,"featured_media":0,"comment_status":"open","ping_status":"closed","template":"","meta":{"_tribe_events_status":"","_tribe_events_status_reason":"","footnotes":""},"tags":[],"tribe_events_cat":[],"class_list":["post-3387","tribe_events","type-tribe_events","status-publish","hentry"],"yoast_head":"<!-- This site is optimized with the Yoast SEO plugin v27.5 - https:\/\/yoast.com\/product\/yoast-seo-wordpress\/ -->\n<title>XVI Festival Lirico \u00f3pera Benicassim - Blog turismo Orange Costa<\/title>\n<meta name=\"robots\" content=\"index, follow, max-snippet:-1, max-image-preview:large, max-video-preview:-1\" \/>\n<link rel=\"canonical\" href=\"https:\/\/www.orangecosta.com\/blog\/evento\/xvi-festival-lirico-opera-benicassim\/\" \/>\n<meta property=\"og:locale\" content=\"es_ES\" \/>\n<meta property=\"og:type\" content=\"article\" \/>\n<meta property=\"og:title\" content=\"XVI Festival Lirico \u00f3pera Benicassim - Blog turismo Orange Costa\" \/>\n<meta property=\"og:description\" content=\"La ciudad castellonense de Benic\u00e0ssim \u00a0vuelve a abrirse a la l\u00edrica en el Teatre Municipal Franscesc T\u00e0rrega con el XVI...\" \/>\n<meta property=\"og:url\" content=\"https:\/\/www.orangecosta.com\/blog\/evento\/xvi-festival-lirico-opera-benicassim\/\" \/>\n<meta property=\"og:site_name\" content=\"Blog turismo Orange Costa\" \/>\n<meta property=\"og:image\" content=\"https:\/\/www.orangecosta.com\/blog\/wp-content\/uploads\/2024\/07\/WhatsApp-Image-2024-06-04-at-12.31.21-380x350.jpeg\" \/>\n<meta name=\"twitter:card\" content=\"summary_large_image\" \/>\n<meta name=\"twitter:label1\" content=\"Tiempo de lectura\" \/>\n\t<meta name=\"twitter:data1\" content=\"1 minuto\" \/>\n<script type=\"application\/ld+json\" class=\"yoast-schema-graph\">{\"@context\":\"https:\\\/\\\/schema.org\",\"@graph\":[{\"@type\":\"WebPage\",\"@id\":\"https:\\\/\\\/www.orangecosta.com\\\/blog\\\/evento\\\/xvi-festival-lirico-opera-benicassim\\\/\",\"url\":\"https:\\\/\\\/www.orangecosta.com\\\/blog\\\/evento\\\/xvi-festival-lirico-opera-benicassim\\\/\",\"name\":\"XVI Festival Lirico \u00f3pera Benicassim - Blog turismo Orange Costa\",\"isPartOf\":{\"@id\":\"https:\\\/\\\/www.orangecosta.com\\\/blog\\\/#website\"},\"primaryImageOfPage\":{\"@id\":\"https:\\\/\\\/www.orangecosta.com\\\/blog\\\/evento\\\/xvi-festival-lirico-opera-benicassim\\\/#primaryimage\"},\"image\":{\"@id\":\"https:\\\/\\\/www.orangecosta.com\\\/blog\\\/evento\\\/xvi-festival-lirico-opera-benicassim\\\/#primaryimage\"},\"thumbnailUrl\":\"https:\\\/\\\/www.orangecosta.com\\\/blog\\\/wp-content\\\/uploads\\\/2024\\\/07\\\/WhatsApp-Image-2024-06-04-at-12.31.21-380x350.jpeg\",\"datePublished\":\"2024-07-26T08:43:21+00:00\",\"breadcrumb\":{\"@id\":\"https:\\\/\\\/www.orangecosta.com\\\/blog\\\/evento\\\/xvi-festival-lirico-opera-benicassim\\\/#breadcrumb\"},\"inLanguage\":\"es\",\"potentialAction\":[{\"@type\":\"ReadAction\",\"target\":[\"https:\\\/\\\/www.orangecosta.com\\\/blog\\\/evento\\\/xvi-festival-lirico-opera-benicassim\\\/\"]}]},{\"@type\":\"ImageObject\",\"inLanguage\":\"es\",\"@id\":\"https:\\\/\\\/www.orangecosta.com\\\/blog\\\/evento\\\/xvi-festival-lirico-opera-benicassim\\\/#primaryimage\",\"url\":\"https:\\\/\\\/www.orangecosta.com\\\/blog\\\/wp-content\\\/uploads\\\/2024\\\/07\\\/WhatsApp-Image-2024-06-04-at-12.31.21-380x350.jpeg\",\"contentUrl\":\"https:\\\/\\\/www.orangecosta.com\\\/blog\\\/wp-content\\\/uploads\\\/2024\\\/07\\\/WhatsApp-Image-2024-06-04-at-12.31.21-380x350.jpeg\"},{\"@type\":\"BreadcrumbList\",\"@id\":\"https:\\\/\\\/www.orangecosta.com\\\/blog\\\/evento\\\/xvi-festival-lirico-opera-benicassim\\\/#breadcrumb\",\"itemListElement\":[{\"@type\":\"ListItem\",\"position\":1,\"name\":\"Home\",\"item\":\"https:\\\/\\\/www.orangecosta.com\\\/blog\\\/\"},{\"@type\":\"ListItem\",\"position\":2,\"name\":\"Eventos\",\"item\":\"https:\\\/\\\/www.orangecosta.com\\\/blog\\\/eventos\\\/\"},{\"@type\":\"ListItem\",\"position\":3,\"name\":\"XVI Festival Lirico \u00f3pera Benicassim\"}]},{\"@type\":\"WebSite\",\"@id\":\"https:\\\/\\\/www.orangecosta.com\\\/blog\\\/#website\",\"url\":\"https:\\\/\\\/www.orangecosta.com\\\/blog\\\/\",\"name\":\"Blog turismo Orange Costa\",\"description\":\"Orangecosta\",\"potentialAction\":[{\"@type\":\"SearchAction\",\"target\":{\"@type\":\"EntryPoint\",\"urlTemplate\":\"https:\\\/\\\/www.orangecosta.com\\\/blog\\\/?s={search_term_string}\"},\"query-input\":{\"@type\":\"PropertyValueSpecification\",\"valueRequired\":true,\"valueName\":\"search_term_string\"}}],\"inLanguage\":\"es\"}]}<\/script>\n<!-- \/ Yoast SEO plugin. -->","yoast_head_json":{"title":"XVI Festival Lirico \u00f3pera Benicassim - Blog turismo Orange Costa","robots":{"index":"index","follow":"follow","max-snippet":"max-snippet:-1","max-image-preview":"max-image-preview:large","max-video-preview":"max-video-preview:-1"},"canonical":"https:\/\/www.orangecosta.com\/blog\/evento\/xvi-festival-lirico-opera-benicassim\/","og_locale":"es_ES","og_type":"article","og_title":"XVI Festival Lirico \u00f3pera Benicassim - Blog turismo Orange Costa","og_description":"La ciudad castellonense de Benic\u00e0ssim \u00a0vuelve a abrirse a la l\u00edrica en el Teatre Municipal Franscesc T\u00e0rrega con el XVI...","og_url":"https:\/\/www.orangecosta.com\/blog\/evento\/xvi-festival-lirico-opera-benicassim\/","og_site_name":"Blog turismo Orange Costa","og_image":[{"url":"https:\/\/www.orangecosta.com\/blog\/wp-content\/uploads\/2024\/07\/WhatsApp-Image-2024-06-04-at-12.31.21-380x350.jpeg","type":"","width":"","height":""}],"twitter_card":"summary_large_image","twitter_misc":{"Tiempo de lectura":"1 minuto"},"schema":{"@context":"https:\/\/schema.org","@graph":[{"@type":"WebPage","@id":"https:\/\/www.orangecosta.com\/blog\/evento\/xvi-festival-lirico-opera-benicassim\/","url":"https:\/\/www.orangecosta.com\/blog\/evento\/xvi-festival-lirico-opera-benicassim\/","name":"XVI Festival Lirico \u00f3pera Benicassim - Blog turismo Orange Costa","isPartOf":{"@id":"https:\/\/www.orangecosta.com\/blog\/#website"},"primaryImageOfPage":{"@id":"https:\/\/www.orangecosta.com\/blog\/evento\/xvi-festival-lirico-opera-benicassim\/#primaryimage"},"image":{"@id":"https:\/\/www.orangecosta.com\/blog\/evento\/xvi-festival-lirico-opera-benicassim\/#primaryimage"},"thumbnailUrl":"https:\/\/www.orangecosta.com\/blog\/wp-content\/uploads\/2024\/07\/WhatsApp-Image-2024-06-04-at-12.31.21-380x350.jpeg","datePublished":"2024-07-26T08:43:21+00:00","breadcrumb":{"@id":"https:\/\/www.orangecosta.com\/blog\/evento\/xvi-festival-lirico-opera-benicassim\/#breadcrumb"},"inLanguage":"es","potentialAction":[{"@type":"ReadAction","target":["https:\/\/www.orangecosta.com\/blog\/evento\/xvi-festival-lirico-opera-benicassim\/"]}]},{"@type":"ImageObject","inLanguage":"es","@id":"https:\/\/www.orangecosta.com\/blog\/evento\/xvi-festival-lirico-opera-benicassim\/#primaryimage","url":"https:\/\/www.orangecosta.com\/blog\/wp-content\/uploads\/2024\/07\/WhatsApp-Image-2024-06-04-at-12.31.21-380x350.jpeg","contentUrl":"https:\/\/www.orangecosta.com\/blog\/wp-content\/uploads\/2024\/07\/WhatsApp-Image-2024-06-04-at-12.31.21-380x350.jpeg"},{"@type":"BreadcrumbList","@id":"https:\/\/www.orangecosta.com\/blog\/evento\/xvi-festival-lirico-opera-benicassim\/#breadcrumb","itemListElement":[{"@type":"ListItem","position":1,"name":"Home","item":"https:\/\/www.orangecosta.com\/blog\/"},{"@type":"ListItem","position":2,"name":"Eventos","item":"https:\/\/www.orangecosta.com\/blog\/eventos\/"},{"@type":"ListItem","position":3,"name":"XVI Festival Lirico \u00f3pera Benicassim"}]},{"@type":"WebSite","@id":"https:\/\/www.orangecosta.com\/blog\/#website","url":"https:\/\/www.orangecosta.com\/blog\/","name":"Blog turismo Orange Costa","description":"Orangecosta","potentialAction":[{"@type":"SearchAction","target":{"@type":"EntryPoint","urlTemplate":"https:\/\/www.orangecosta.com\/blog\/?s={search_term_string}"},"query-input":{"@type":"PropertyValueSpecification","valueRequired":true,"valueName":"search_term_string"}}],"inLanguage":"es"}]}},"_links":{"self":[{"href":"https:\/\/www.orangecosta.com\/blog\/wp-json\/wp\/v2\/tribe_events\/3387","targetHints":{"allow":["GET"]}}],"collection":[{"href":"https:\/\/www.orangecosta.com\/blog\/wp-json\/wp\/v2\/tribe_events"}],"about":[{"href":"https:\/\/www.orangecosta.com\/blog\/wp-json\/wp\/v2\/types\/tribe_events"}],"author":[{"embeddable":true,"href":"https:\/\/www.orangecosta.com\/blog\/wp-json\/wp\/v2\/users\/7"}],"replies":[{"embeddable":true,"href":"https:\/\/www.orangecosta.com\/blog\/wp-json\/wp\/v2\/comments?post=3387"}],"version-history":[{"count":2,"href":"https:\/\/www.orangecosta.com\/blog\/wp-json\/wp\/v2\/tribe_events\/3387\/revisions"}],"predecessor-version":[{"id":3392,"href":"https:\/\/www.orangecosta.com\/blog\/wp-json\/wp\/v2\/tribe_events\/3387\/revisions\/3392"}],"wp:attachment":[{"href":"https:\/\/www.orangecosta.com\/blog\/wp-json\/wp\/v2\/media?parent=3387"}],"wp:term":[{"taxonomy":"post_tag","embeddable":true,"href":"https:\/\/www.orangecosta.com\/blog\/wp-json\/wp\/v2\/tags?post=3387"},{"taxonomy":"tribe_events_cat","embeddable":true,"href":"https:\/\/www.orangecosta.com\/blog\/wp-json\/wp\/v2\/tribe_events_cat?post=3387"}],"curies":[{"name":"wp","href":"https:\/\/api.w.org\/{rel}","templated":true}]}}