{"id":4529,"date":"2024-05-13T09:41:04","date_gmt":"2024-05-13T09:41:04","guid":{"rendered":"https:\/\/www.orangecosta.com\/blog\/evento\/fib-benicassim-2024\/"},"modified":"2025-08-28T11:46:43","modified_gmt":"2025-08-28T11:46:43","slug":"fib-benicassim-2024","status":"publish","type":"tribe_events","link":"https:\/\/www.orangecosta.com\/blog\/en\/evento\/fib-benicassim-2024\/","title":{"rendered":"FIB Benic\u00e0ssim 2025"},"content":{"rendered":"<p>\u00a1Prep\u00e1rate para un festival que promete ser inolvidable! El Festival Internacional de Benic\u00e0ssim (FIB) de 2025 tendr\u00e1 lugar del 17 al 19 de julio en la pintoresca localidad de Benic\u00e0ssim , Este a\u00f1o, el festival atraer\u00e1 a amantes de la m\u00fasica de todo el mundo para celebrar una explosi\u00f3n de sonido, cultura y comunidad durante tres d\u00edas llenos de diversi\u00f3n y m\u00fasica.<\/p>\n<p>&nbsp;<\/p>\n<p><img fetchpriority=\"high\" decoding=\"async\" class=\"alignnone size-medium wp-image-4147\" src=\"https:\/\/www.orangecosta.com\/blog\/wp-content\/uploads\/2024\/05\/FIB-380x312.jpg\" alt=\"\" width=\"300\" height=\"246\" \/><\/p>\n<p>No te pierdas la oportunidad de ser parte de esta celebraci\u00f3n de la vida, la m\u00fasica y la comunidad. Ya sea que seas un fan\u00e1tico ac\u00e9rrimo de la m\u00fasica o simplemente est\u00e9s buscando una experiencia veraniega \u00fanica, el FIB Benic\u00e0ssim promete ser una aventura inolvidable. \u00a1Nos vemos en Benic\u00e0ssim este verano para vivir juntos una experiencia musical sin igual! Saca tus entradas aqu\u00ed: <a href=\"https:\/\/fiberfib.com\/\"><strong>https:\/\/fiberfib.com\/<\/strong><\/a><\/p>\n","protected":false},"excerpt":{"rendered":"<p>\u00a1Prep\u00e1rate para un festival que promete ser inolvidable! El Festival Internacional de Benic\u00e0ssim (FIB) de 2025 tendr\u00e1 lugar del 17&#8230;<\/p>\n","protected":false},"author":3,"featured_media":0,"comment_status":"open","ping_status":"closed","template":"","meta":{"_tribe_events_status":"","_tribe_events_status_reason":"","footnotes":""},"tags":[],"tribe_events_cat":[136],"class_list":["post-4529","tribe_events","type-tribe_events","status-publish","hentry","tribe_events_cat-festivales-en","cat_festivales-en"],"yoast_head":"<!-- This site is optimized with the Yoast SEO plugin v27.5 - https:\/\/yoast.com\/product\/yoast-seo-wordpress\/ -->\n<title>FIB Benic\u00e0ssim 2025 - Orange Costa<\/title>\n<meta name=\"description\" content=\"El Festival Internacional de Benic\u00e0ssim (FIB) de 2024 tendr\u00e1 lugar del 18 al 20 de julio en la pintoresca localidad de Benic\u00e0ssim, Espa\u00f1a.\" \/>\n<meta name=\"robots\" content=\"index, follow, max-snippet:-1, max-image-preview:large, max-video-preview:-1\" \/>\n<link rel=\"canonical\" href=\"https:\/\/www.orangecosta.com\/blog\/en\/evento\/fib-benicassim-2024\/\" \/>\n<meta property=\"og:locale\" content=\"en_US\" \/>\n<meta property=\"og:type\" content=\"article\" \/>\n<meta property=\"og:title\" content=\"FIB Benic\u00e0ssim 2025 - Orange Costa\" \/>\n<meta property=\"og:description\" content=\"El Festival Internacional de Benic\u00e0ssim (FIB) de 2024 tendr\u00e1 lugar del 18 al 20 de julio en la pintoresca localidad de Benic\u00e0ssim, Espa\u00f1a.\" \/>\n<meta property=\"og:url\" content=\"https:\/\/www.orangecosta.com\/blog\/en\/evento\/fib-benicassim-2024\/\" \/>\n<meta property=\"og:site_name\" content=\"Blog turismo Orange Costa\" \/>\n<meta property=\"article:modified_time\" content=\"2025-08-28T11:46:43+00:00\" \/>\n<meta property=\"og:image\" content=\"https:\/\/www.orangecosta.com\/blog\/wp-content\/uploads\/2024\/05\/FIB.jpg\" \/>\n\t<meta property=\"og:image:width\" content=\"629\" \/>\n\t<meta property=\"og:image:height\" content=\"312\" \/>\n\t<meta property=\"og:image:type\" content=\"image\/jpeg\" \/>\n<meta name=\"twitter:card\" content=\"summary_large_image\" \/>\n<meta name=\"twitter:label1\" content=\"Est. reading time\" \/>\n\t<meta name=\"twitter:data1\" content=\"1 minute\" \/>\n<script type=\"application\/ld+json\" class=\"yoast-schema-graph\">{\"@context\":\"https:\\\/\\\/schema.org\",\"@graph\":[{\"@type\":\"WebPage\",\"@id\":\"https:\\\/\\\/www.orangecosta.com\\\/blog\\\/en\\\/evento\\\/fib-benicassim-2024\\\/\",\"url\":\"https:\\\/\\\/www.orangecosta.com\\\/blog\\\/en\\\/evento\\\/fib-benicassim-2024\\\/\",\"name\":\"FIB Benic\u00e0ssim 2025 - Orange Costa\",\"isPartOf\":{\"@id\":\"https:\\\/\\\/www.orangecosta.com\\\/blog\\\/en\\\/#website\"},\"primaryImageOfPage\":{\"@id\":\"https:\\\/\\\/www.orangecosta.com\\\/blog\\\/en\\\/evento\\\/fib-benicassim-2024\\\/#primaryimage\"},\"image\":{\"@id\":\"https:\\\/\\\/www.orangecosta.com\\\/blog\\\/en\\\/evento\\\/fib-benicassim-2024\\\/#primaryimage\"},\"thumbnailUrl\":\"https:\\\/\\\/www.orangecosta.com\\\/blog\\\/wp-content\\\/uploads\\\/2024\\\/05\\\/FIB-380x312.jpg\",\"datePublished\":\"2024-05-13T09:41:04+00:00\",\"dateModified\":\"2025-08-28T11:46:43+00:00\",\"description\":\"El Festival Internacional de Benic\u00e0ssim (FIB) de 2024 tendr\u00e1 lugar del 18 al 20 de julio en la pintoresca localidad de Benic\u00e0ssim, Espa\u00f1a.\",\"breadcrumb\":{\"@id\":\"https:\\\/\\\/www.orangecosta.com\\\/blog\\\/en\\\/evento\\\/fib-benicassim-2024\\\/#breadcrumb\"},\"inLanguage\":\"en-US\",\"potentialAction\":[{\"@type\":\"ReadAction\",\"target\":[\"https:\\\/\\\/www.orangecosta.com\\\/blog\\\/en\\\/evento\\\/fib-benicassim-2024\\\/\"]}]},{\"@type\":\"ImageObject\",\"inLanguage\":\"en-US\",\"@id\":\"https:\\\/\\\/www.orangecosta.com\\\/blog\\\/en\\\/evento\\\/fib-benicassim-2024\\\/#primaryimage\",\"url\":\"https:\\\/\\\/www.orangecosta.com\\\/blog\\\/wp-content\\\/uploads\\\/2024\\\/05\\\/FIB-380x312.jpg\",\"contentUrl\":\"https:\\\/\\\/www.orangecosta.com\\\/blog\\\/wp-content\\\/uploads\\\/2024\\\/05\\\/FIB-380x312.jpg\"},{\"@type\":\"BreadcrumbList\",\"@id\":\"https:\\\/\\\/www.orangecosta.com\\\/blog\\\/en\\\/evento\\\/fib-benicassim-2024\\\/#breadcrumb\",\"itemListElement\":[{\"@type\":\"ListItem\",\"position\":1,\"name\":\"Home\",\"item\":\"https:\\\/\\\/www.orangecosta.com\\\/blog\\\/en\\\/\"},{\"@type\":\"ListItem\",\"position\":2,\"name\":\"Events\",\"item\":\"https:\\\/\\\/www.orangecosta.com\\\/blog\\\/en\\\/eventos\\\/\"},{\"@type\":\"ListItem\",\"position\":3,\"name\":\"FIB Benic\u00e0ssim 2025\"}]},{\"@type\":\"WebSite\",\"@id\":\"https:\\\/\\\/www.orangecosta.com\\\/blog\\\/en\\\/#website\",\"url\":\"https:\\\/\\\/www.orangecosta.com\\\/blog\\\/en\\\/\",\"name\":\"Blog turismo Orange Costa\",\"description\":\"Orangecosta\",\"potentialAction\":[{\"@type\":\"SearchAction\",\"target\":{\"@type\":\"EntryPoint\",\"urlTemplate\":\"https:\\\/\\\/www.orangecosta.com\\\/blog\\\/en\\\/?s={search_term_string}\"},\"query-input\":{\"@type\":\"PropertyValueSpecification\",\"valueRequired\":true,\"valueName\":\"search_term_string\"}}],\"inLanguage\":\"en-US\"}]}<\/script>\n<!-- \/ Yoast SEO plugin. -->","yoast_head_json":{"title":"FIB Benic\u00e0ssim 2025 - Orange Costa","description":"El Festival Internacional de Benic\u00e0ssim (FIB) de 2024 tendr\u00e1 lugar del 18 al 20 de julio en la pintoresca localidad de Benic\u00e0ssim, Espa\u00f1a.","robots":{"index":"index","follow":"follow","max-snippet":"max-snippet:-1","max-image-preview":"max-image-preview:large","max-video-preview":"max-video-preview:-1"},"canonical":"https:\/\/www.orangecosta.com\/blog\/en\/evento\/fib-benicassim-2024\/","og_locale":"en_US","og_type":"article","og_title":"FIB Benic\u00e0ssim 2025 - Orange Costa","og_description":"El Festival Internacional de Benic\u00e0ssim (FIB) de 2024 tendr\u00e1 lugar del 18 al 20 de julio en la pintoresca localidad de Benic\u00e0ssim, Espa\u00f1a.","og_url":"https:\/\/www.orangecosta.com\/blog\/en\/evento\/fib-benicassim-2024\/","og_site_name":"Blog turismo Orange Costa","article_modified_time":"2025-08-28T11:46:43+00:00","og_image":[{"width":629,"height":312,"url":"https:\/\/www.orangecosta.com\/blog\/wp-content\/uploads\/2024\/05\/FIB.jpg","type":"image\/jpeg"}],"twitter_card":"summary_large_image","twitter_misc":{"Est. reading time":"1 minute"},"schema":{"@context":"https:\/\/schema.org","@graph":[{"@type":"WebPage","@id":"https:\/\/www.orangecosta.com\/blog\/en\/evento\/fib-benicassim-2024\/","url":"https:\/\/www.orangecosta.com\/blog\/en\/evento\/fib-benicassim-2024\/","name":"FIB Benic\u00e0ssim 2025 - Orange Costa","isPartOf":{"@id":"https:\/\/www.orangecosta.com\/blog\/en\/#website"},"primaryImageOfPage":{"@id":"https:\/\/www.orangecosta.com\/blog\/en\/evento\/fib-benicassim-2024\/#primaryimage"},"image":{"@id":"https:\/\/www.orangecosta.com\/blog\/en\/evento\/fib-benicassim-2024\/#primaryimage"},"thumbnailUrl":"https:\/\/www.orangecosta.com\/blog\/wp-content\/uploads\/2024\/05\/FIB-380x312.jpg","datePublished":"2024-05-13T09:41:04+00:00","dateModified":"2025-08-28T11:46:43+00:00","description":"El Festival Internacional de Benic\u00e0ssim (FIB) de 2024 tendr\u00e1 lugar del 18 al 20 de julio en la pintoresca localidad de Benic\u00e0ssim, Espa\u00f1a.","breadcrumb":{"@id":"https:\/\/www.orangecosta.com\/blog\/en\/evento\/fib-benicassim-2024\/#breadcrumb"},"inLanguage":"en-US","potentialAction":[{"@type":"ReadAction","target":["https:\/\/www.orangecosta.com\/blog\/en\/evento\/fib-benicassim-2024\/"]}]},{"@type":"ImageObject","inLanguage":"en-US","@id":"https:\/\/www.orangecosta.com\/blog\/en\/evento\/fib-benicassim-2024\/#primaryimage","url":"https:\/\/www.orangecosta.com\/blog\/wp-content\/uploads\/2024\/05\/FIB-380x312.jpg","contentUrl":"https:\/\/www.orangecosta.com\/blog\/wp-content\/uploads\/2024\/05\/FIB-380x312.jpg"},{"@type":"BreadcrumbList","@id":"https:\/\/www.orangecosta.com\/blog\/en\/evento\/fib-benicassim-2024\/#breadcrumb","itemListElement":[{"@type":"ListItem","position":1,"name":"Home","item":"https:\/\/www.orangecosta.com\/blog\/en\/"},{"@type":"ListItem","position":2,"name":"Events","item":"https:\/\/www.orangecosta.com\/blog\/en\/eventos\/"},{"@type":"ListItem","position":3,"name":"FIB Benic\u00e0ssim 2025"}]},{"@type":"WebSite","@id":"https:\/\/www.orangecosta.com\/blog\/en\/#website","url":"https:\/\/www.orangecosta.com\/blog\/en\/","name":"Blog turismo Orange Costa","description":"Orangecosta","potentialAction":[{"@type":"SearchAction","target":{"@type":"EntryPoint","urlTemplate":"https:\/\/www.orangecosta.com\/blog\/en\/?s={search_term_string}"},"query-input":{"@type":"PropertyValueSpecification","valueRequired":true,"valueName":"search_term_string"}}],"inLanguage":"en-US"}]}},"_links":{"self":[{"href":"https:\/\/www.orangecosta.com\/blog\/en\/wp-json\/wp\/v2\/tribe_events\/4529","targetHints":{"allow":["GET"]}}],"collection":[{"href":"https:\/\/www.orangecosta.com\/blog\/en\/wp-json\/wp\/v2\/tribe_events"}],"about":[{"href":"https:\/\/www.orangecosta.com\/blog\/en\/wp-json\/wp\/v2\/types\/tribe_events"}],"author":[{"embeddable":true,"href":"https:\/\/www.orangecosta.com\/blog\/en\/wp-json\/wp\/v2\/users\/3"}],"replies":[{"embeddable":true,"href":"https:\/\/www.orangecosta.com\/blog\/en\/wp-json\/wp\/v2\/comments?post=4529"}],"version-history":[{"count":1,"href":"https:\/\/www.orangecosta.com\/blog\/en\/wp-json\/wp\/v2\/tribe_events\/4529\/revisions"}],"predecessor-version":[{"id":4530,"href":"https:\/\/www.orangecosta.com\/blog\/en\/wp-json\/wp\/v2\/tribe_events\/4529\/revisions\/4530"}],"wp:attachment":[{"href":"https:\/\/www.orangecosta.com\/blog\/en\/wp-json\/wp\/v2\/media?parent=4529"}],"wp:term":[{"taxonomy":"post_tag","embeddable":true,"href":"https:\/\/www.orangecosta.com\/blog\/en\/wp-json\/wp\/v2\/tags?post=4529"},{"taxonomy":"tribe_events_cat","embeddable":true,"href":"https:\/\/www.orangecosta.com\/blog\/en\/wp-json\/wp\/v2\/tribe_events_cat?post=4529"}],"curies":[{"name":"wp","href":"https:\/\/api.w.org\/{rel}","templated":true}]}}